{"id":22,"date":"2024-10-13T12:39:56","date_gmt":"2024-10-13T10:39:56","guid":{"rendered":"https:\/\/mediatorsadowy.info\/?page_id=22"},"modified":"2026-02-01T17:18:54","modified_gmt":"2026-02-01T15:18:54","slug":"o-mnie","status":"publish","type":"page","link":"https:\/\/mediatorsadowy.info\/index.php\/o-mnie\/","title":{"rendered":"O mnie"},"content":{"rendered":"<div class=\"et_pb_section_0 et_pb_section et_section_regular et_block_section\"><div class=\"et_pb_row_0 et_pb_row et_pb_gutters3 et_block_row\"><div class=\"et_pb_column_0 et_pb_column et_pb_column_1_2 et_block_column et_pb_css_mix_blend_mode_passthrough\"><div class=\"et_pb_team_member_0 et_pb_team_member et_pb_bg_layout_light et_pb_module et_flex_module\"><div class=\"et_pb_team_member_image et-waypoint et_pb_animation_off\"><img loading=\"lazy\" decoding=\"async\" src=\"https:\/\/mediatorsadowy.info\/wp-content\/uploads\/2024\/12\/Wojciech-Jablonski-Mediator-Sadowy.png\" width=\"2245\" height=\"1587\" srcset=\"https:\/\/mediatorsadowy.info\/wp-content\/uploads\/2024\/12\/Wojciech-Jablonski-Mediator-Sadowy.png 2245w, https:\/\/mediatorsadowy.info\/wp-content\/uploads\/2024\/12\/Wojciech-Jablonski-Mediator-Sadowy-1280x905.png 1280w, https:\/\/mediatorsadowy.info\/wp-content\/uploads\/2024\/12\/Wojciech-Jablonski-Mediator-Sadowy-980x693.png 980w, https:\/\/mediatorsadowy.info\/wp-content\/uploads\/2024\/12\/Wojciech-Jablonski-Mediator-Sadowy-480x339.png 480w\" sizes=\"(min-width: 0px) and (max-width: 480px) 480px, (min-width: 481px) and (max-width: 980px) 980px, (min-width: 981px) and (max-width: 1280px) 1280px, (min-width: 1281px) 2245px, 100vw\" class=\"wp-image-96\" \/><\/div><div class=\"et_pb_team_member_description\"><div class=\"et_pb_team_member_description_content\"><h1 style=\"text-align: justify;\"><strong>Wojciech Jab\u0142o\u0144ski<\/strong><\/h1>\n<h2 style=\"text-align: justify;\"><strong>Mediator S\u0105dowy<\/strong><\/h2>\n<\/div><\/div><\/div><\/div><div class=\"et_pb_column_1 et_pb_column et_pb_column_1_2 et-last-child et_block_column et_pb_css_mix_blend_mode_passthrough\"><div class=\"et_pb_text_0 et_pb_text et_pb_bg_layout_light et_pb_module et_flex_module\"><div class=\"et_pb_text_inner\" data-et-multi-view-load-phone-hidden=\"true\"><p class=\"p2\" style=\"text-align: justify;\"><span class=\"s2\"><\/span><\/p>\n<p class=\"p1\" style=\"text-align: justify;\"><span class=\"s2\">Jestem magistrem teologii, absolwentem Uniwersytetu Warmi\u0144sko-Mazurskiego w Olsztynie, oraz uko\u0144czy\u0142em studia podyplomowe z zakresu diagnozy, terapii i rewalidacji indywidualnej i grupowej na Wy\u017cszej Szkole Nauk o Zdrowiu w Bydgoszczy. Specjalizuj\u0119 si\u0119 w mediacjach oraz wspieraniu rozwoju dzieci, m\u0142odzie\u017cy i doros\u0142ych w \u015brodowisku rodzinnym, edukacyjnym i zawodowym.<\/span><\/p>\n<p class=\"p1\" style=\"text-align: justify;\"><span class=\"s1\">Mediacje<\/span><span class=\"s2\"> s\u0105 kluczowym obszarem mojej pracy. Posiadam bogate do\u015bwiadczenie w prowadzeniu mediacji:<\/span><\/p>\n<p class=\"p3\" style=\"text-align: justify;\"><span class=\"s2\"><span class=\"Apple-tab-span\"> <\/span>\u2022<span class=\"Apple-tab-span\"> <\/span><\/span><span class=\"s1\">rodzinnych<\/span><span class=\"s2\">,<\/span><\/p>\n<p class=\"p3\" style=\"text-align: justify;\"><span class=\"s2\"><span class=\"Apple-tab-span\"> <\/span>\u2022<span class=\"Apple-tab-span\"> <\/span><\/span><span class=\"s1\">o rozw\u00f3d i separacj\u0119<\/span><span class=\"s2\">,<\/span><\/p>\n<p class=\"p3\" style=\"text-align: justify;\"><span class=\"s2\"><span class=\"Apple-tab-span\"> <\/span>\u2022<span class=\"Apple-tab-span\"> <\/span><\/span><span class=\"s1\">r\u00f3wie\u015bniczych, szkolnych i o\u015bwiatowych<\/span><span class=\"s2\">,<\/span><\/p>\n<p class=\"p3\" style=\"text-align: justify;\"><span class=\"s2\"><span class=\"Apple-tab-span\"> <\/span>\u2022<span class=\"Apple-tab-span\"> <\/span><\/span><span class=\"s1\">w sprawach nieletnich<\/span><span class=\"s2\">, w tym z udzia\u0142em nieletnich sprawc\u00f3w czyn\u00f3w karalnych.<\/span><\/p>\n<p class=\"p3\" style=\"text-align: justify;\"><span class=\"s2\" style=\"font-size: 24px;\">Oferuj\u0119 mediacje w formie <\/span><span class=\"s1\" style=\"font-size: 24px;\">stacjonarnej<\/span><span class=\"s2\" style=\"font-size: 24px;\"> i <\/span><span class=\"s1\" style=\"font-size: 24px;\">on-line<\/span><span class=\"s2\" style=\"font-size: 24px;\">, dostosowuj\u0105c spos\u00f3b pracy do potrzeb stron i charakteru sprawy. <\/span><span class=\"s2\" style=\"font-size: 24px;\">Uko\u0144czy\u0142em liczne szkolenia w zakresie mediacji, w tym szkolenia w Polskim Centrum Mediacji, kt\u00f3re da\u0142y mi solidne przygotowanie merytoryczne i praktyczne.<\/span><\/p>\n<p style=\"text-align: justify;\"><span class=\"s2\">Ponadto jestem certyfikowanym edukatorem i trenerem <\/span><span class=\"s1\">Pozytywnej Dyscypliny<\/span><span class=\"s2\"> \u2013 specjalizuj\u0119 si\u0119 w pracy z rodzicami, nauczycielami oraz dzie\u0107mi w klasach, przedszkolach i \u017c\u0142obkach Pracuj\u0119 r\u00f3wnie\u017c jako terapeuta, trener TUS, Treningu Emocji czy Treningu Zast\u0119powania Agresji. Szkol\u0119 w tym zakresie nie tylko dzieci i m\u0142odzie\u017c ale tak\u017ce osoby doros\u0142e nadaj\u0105c im certyfikat trenerski z danego zagadnienia.<\/span><\/p>\n<p style=\"text-align: justify;\"><span class=\"s2\"> Posiadam r\u00f3wnie\u017c certyfikat superwizora szkolnego w ramach programu \u201eSuperwizja w szkole\u201d.<\/span><\/p>\n<p style=\"text-align: justify;\"><span class=\"s2\">W swojej pracy koncentruj\u0119 si\u0119 na budowaniu wzajemnego szacunku, skutecznej komunikacji i wspieraniu rozwoju w atmosferze zrozumienia i empatii. Moim celem jest pomoc w rozwi\u0105zywaniu konflikt\u00f3w oraz wspieranie innych w budowaniu trwa\u0142ych, pozytywnych relacji.<\/span><\/p>\n<p class=\"p2\" style=\"text-align: justify;\"><span class=\"s2\"><\/span><\/p>\n<p class=\"p2\" style=\"text-align: justify;\"><span class=\"s2\"><\/span><\/p>\n<p class=\"p2\" style=\"text-align: justify;\"><span class=\"s2\"><\/span><\/p>\n<\/div><\/div><\/div><\/div><\/div><div class=\"et_pb_section_1 et_pb_section et_section_regular et_block_section\"><\/div><div class=\"et_pb_section_2 et_pb_section et_section_regular et_block_section\"><div class=\"et_pb_row_1 et_pb_row et_pb_row_4col et_pb_gutters3 et_block_row\"><div class=\"et_pb_column_2 et_pb_column et_pb_column_1_4 et_block_column et_pb_css_mix_blend_mode_passthrough\"><div class=\"et_pb_text_1 et_pb_text et_pb_bg_layout_light et_pb_module et_flex_module\"><div class=\"et_pb_text_inner\"><p style=\"text-align: center;\">Ul. W. \u0141okietka 5,<br \/>87-100 Toru\u0144<\/p>\n<\/div><\/div><\/div><div class=\"et_pb_column_3 et_pb_column et_pb_column_1_4 et_block_column et_pb_css_mix_blend_mode_passthrough\"><div class=\"et_pb_text_2 et_pb_text et_pb_bg_layout_light et_pb_module et_flex_module\"><div class=\"et_pb_text_inner\"><p style=\"text-align: center;\">+48 696 177 441<\/p>\n<\/div><\/div><\/div><div class=\"et_pb_column_4 et_pb_column et_pb_column_1_4 et_block_column et_pb_css_mix_blend_mode_passthrough\"><div class=\"et_pb_text_3 et_pb_text et_pb_bg_layout_light et_pb_module et_flex_module\"><div class=\"et_pb_text_inner\"><p>biuro@mediatorsadowy.info<\/p>\n<\/div><\/div><\/div><div class=\"et_pb_column_5 et_pb_column et_pb_column_1_4 et-last-child et_block_column et_pb_css_mix_blend_mode_passthrough\"><ul class=\"et_pb_social_media_follow_0 et_pb_social_media_follow clearfix et_pb_bg_layout_light et_pb_text_align_right et_pb_text_align_center-tablet et_pb_text_align_center-phone et_pb_module et_flex_module\"><li class=\"et_pb_social_media_follow_network_0 et_pb_social_media_follow_network et_pb_social_icon et_pb_social_network_link et-social-facebook et_pb_module et_flex_module\"><a href=\"https:\/\/www.facebook.com\/profile.php?id=61558684858295\" class=\"icon\" target=\"_self\" title=\"facebook\" rel=\"noopener\"><span class=\"et_pb_social_media_follow_network_name\">Pod\u0105\u017ca\u0107<\/span><\/a><\/li><li class=\"et_pb_social_media_follow_network_1 et_pb_social_media_follow_network et_pb_social_icon et_pb_social_network_link et-social-instagram et_pb_module et_flex_module\"><a href=\"https:\/\/www.instagram.com\/mediator_sadowy_wj\/\" class=\"icon\" target=\"_self\" title=\"instagram\" rel=\"noopener\"><span class=\"et_pb_social_media_follow_network_name\">Pod\u0105\u017ca\u0107<\/span><\/a><\/li><li class=\"et_pb_social_media_follow_network_2 et_pb_social_media_follow_network et_pb_social_icon et_pb_social_network_link et-social-linkedin et_pb_module et_flex_module\"><a href=\"https:\/\/www.linkedin.com\/in\/mediator-s\u0105dowy-401342339\/\" class=\"icon\" target=\"_self\" title=\"linkedin\" rel=\"noopener\"><span class=\"et_pb_social_media_follow_network_name\">Pod\u0105\u017ca\u0107<\/span><\/a><\/li><li class=\"et_pb_social_media_follow_network_3 et_pb_social_media_follow_network et_pb_social_icon et_pb_social_network_link et-pb-social-fa-icon et-social-tiktok et_pb_module et_flex_module\"><a href=\"https:\/\/www.tiktok.com\/@mediatorsadowy.info?lang=pl-PL\" class=\"icon\" target=\"_self\" title=\"tiktok\" rel=\"noopener\"><span class=\"et_pb_social_media_follow_network_name\">Pod\u0105\u017ca\u0107<\/span><\/a><\/li><\/ul><\/div><\/div><\/div>","protected":false},"excerpt":{"rendered":"","protected":false},"author":1,"featured_media":0,"parent":0,"menu_order":0,"comment_status":"closed","ping_status":"closed","template":"","meta":{"footnotes":""},"class_list":["post-22","page","type-page","status-publish","hentry"],"_links":{"self":[{"href":"https:\/\/mediatorsadowy.info\/index.php\/wp-json\/wp\/v2\/pages\/22","targetHints":{"allow":["GET"]}}],"collection":[{"href":"https:\/\/mediatorsadowy.info\/index.php\/wp-json\/wp\/v2\/pages"}],"about":[{"href":"https:\/\/mediatorsadowy.info\/index.php\/wp-json\/wp\/v2\/types\/page"}],"author":[{"embeddable":true,"href":"https:\/\/mediatorsadowy.info\/index.php\/wp-json\/wp\/v2\/users\/1"}],"replies":[{"embeddable":true,"href":"https:\/\/mediatorsadowy.info\/index.php\/wp-json\/wp\/v2\/comments?post=22"}],"version-history":[{"count":16,"href":"https:\/\/mediatorsadowy.info\/index.php\/wp-json\/wp\/v2\/pages\/22\/revisions"}],"predecessor-version":[{"id":213,"href":"https:\/\/mediatorsadowy.info\/index.php\/wp-json\/wp\/v2\/pages\/22\/revisions\/213"}],"wp:attachment":[{"href":"https:\/\/mediatorsadowy.info\/index.php\/wp-json\/wp\/v2\/media?parent=22"}],"curies":[{"name":"wp","href":"https:\/\/api.w.org\/{rel}","templated":true}]}}